{"id":23,"date":"2025-05-23T15:12:34","date_gmt":"2025-05-23T13:12:34","guid":{"rendered":"https:\/\/www.celozivotnakariera.sk\/?page_id=23"},"modified":"2025-08-14T11:59:33","modified_gmt":"2025-08-14T09:59:33","slug":"domov","status":"publish","type":"page","link":"https:\/\/www.celozivotnakariera.sk\/","title":{"rendered":"Domov"},"content":{"rendered":"\t\t<div data-elementor-type=\"wp-page\" data-elementor-id=\"23\" class=\"elementor elementor-23\" data-elementor-post-type=\"page\">\n\t\t\t\t<div class=\"elementor-element elementor-element-d07bbe5 e-flex e-con-boxed e-con e-parent\" data-id=\"d07bbe5\" data-element_type=\"container\" data-e-type=\"container\" data-settings=\"{&quot;background_background&quot;:&quot;slideshow&quot;,&quot;background_slideshow_gallery&quot;:[{&quot;id&quot;:137,&quot;url&quot;:&quot;https:\\\/\\\/www.celozivotnakariera.sk\\\/wp-content\\\/uploads\\\/2025\\\/05\\\/family-with-children-walks-along-fields-back-setting-sun-1-scaled.jpg&quot;},{&quot;id&quot;:138,&quot;url&quot;:&quot;https:\\\/\\\/www.celozivotnakariera.sk\\\/wp-content\\\/uploads\\\/2025\\\/05\\\/2149370457.jpg&quot;},{&quot;id&quot;:139,&quot;url&quot;:&quot;https:\\\/\\\/www.celozivotnakariera.sk\\\/wp-content\\\/uploads\\\/2025\\\/05\\\/orezane01.png&quot;},{&quot;id&quot;:142,&quot;url&quot;:&quot;https:\\\/\\\/www.celozivotnakariera.sk\\\/wp-content\\\/uploads\\\/2025\\\/05\\\/2149367139.jpg&quot;},{&quot;id&quot;:141,&quot;url&quot;:&quot;https:\\\/\\\/www.celozivotnakariera.sk\\\/wp-content\\\/uploads\\\/2025\\\/05\\\/orezane03.png&quot;}],&quot;background_slideshow_ken_burns&quot;:&quot;yes&quot;,&quot;background_slideshow_loop&quot;:&quot;yes&quot;,&quot;background_slideshow_slide_duration&quot;:5000,&quot;background_slideshow_slide_transition&quot;:&quot;fade&quot;,&quot;background_slideshow_transition_duration&quot;:500,&quot;background_slideshow_ken_burns_zoom_direction&quot;:&quot;in&quot;}\">\n\t\t\t\t\t<div class=\"e-con-inner\">\n\t\t\t\t<div class=\"elementor-element elementor-element-5335e22 elementor-widget elementor-widget-heading\" data-id=\"5335e22\" data-element_type=\"widget\" data-e-type=\"widget\" data-widget_type=\"heading.default\">\n\t\t\t\t<div class=\"elementor-widget-container\">\n\t\t\t\t\t<h2 class=\"elementor-heading-title elementor-size-default\">Celo\u017eivotn\u00e1 kari\u00e9ra: <br>\nPr\u00e1ca prisp\u00f4soben\u00e1 \u017eivotn\u00fdm etap\u00e1m<\/h2>\t\t\t\t<\/div>\n\t\t\t\t<\/div>\n\t\t\t\t\t<\/div>\n\t\t\t\t<\/div>\n\t\t<div class=\"elementor-element elementor-element-919d91c e-flex e-con-boxed e-con e-parent\" data-id=\"919d91c\" data-element_type=\"container\" data-e-type=\"container\">\n\t\t\t\t\t<div class=\"e-con-inner\">\n\t\t\t\t<div class=\"elementor-element elementor-element-2b7c409 elementor-widget elementor-widget-heading\" data-id=\"2b7c409\" data-element_type=\"widget\" data-e-type=\"widget\" data-widget_type=\"heading.default\">\n\t\t\t\t<div class=\"elementor-widget-container\">\n\t\t\t\t\t<h2 class=\"elementor-heading-title elementor-size-default\"><a href=\"https:\/\/www.celozivotnakariera.sk\/index.php\/novinky-z-oblasti-vekoveho-manazmentu\/\">Noviky z oblasti vekov\u00e9ho mana\u017ementu<\/a><\/h2>\t\t\t\t<\/div>\n\t\t\t\t<\/div>\n\t\t\t\t<div class=\"elementor-element elementor-element-aa56e1e elementor-grid-3 elementor-grid-tablet-2 elementor-grid-mobile-1 elementor-posts--thumbnail-top elementor-widget elementor-widget-posts\" data-id=\"aa56e1e\" data-element_type=\"widget\" data-e-type=\"widget\" data-settings=\"{&quot;pagination_type&quot;:&quot;numbers&quot;,&quot;classic_columns&quot;:&quot;3&quot;,&quot;classic_columns_tablet&quot;:&quot;2&quot;,&quot;classic_columns_mobile&quot;:&quot;1&quot;,&quot;classic_row_gap&quot;:{&quot;unit&quot;:&quot;px&quot;,&quot;size&quot;:35,&quot;sizes&quot;:[]},&quot;classic_row_gap_tablet&quot;:{&quot;unit&quot;:&quot;px&quot;,&quot;size&quot;:&quot;&quot;,&quot;sizes&quot;:[]},&quot;classic_row_gap_mobile&quot;:{&quot;unit&quot;:&quot;px&quot;,&quot;size&quot;:&quot;&quot;,&quot;sizes&quot;:[]}}\" data-widget_type=\"posts.classic\">\n\t\t\t\t<div class=\"elementor-widget-container\">\n\t\t\t\t\t\t\t<div class=\"elementor-posts-container elementor-posts elementor-posts--skin-classic elementor-grid\" role=\"list\">\n\t\t\t\t<article class=\"elementor-post elementor-grid-item post-1123 post type-post status-publish format-standard has-post-thumbnail hentry category-nezaradene\" role=\"listitem\">\n\t\t\t\t<a class=\"elementor-post__thumbnail__link\" href=\"https:\/\/www.celozivotnakariera.sk\/index.php\/2025\/12\/19\/konferencia-asr-temou-bol-aj-vekovy-manazment\/\" tabindex=\"-1\" >\n\t\t\t<div class=\"elementor-post__thumbnail\"><img fetchpriority=\"high\" decoding=\"async\" width=\"768\" height=\"644\" src=\"https:\/\/www.celozivotnakariera.sk\/wp-content\/uploads\/2025\/12\/FB-prispevok-sablona-940-x-788-px-768x644.png\" class=\"attachment-medium_large size-medium_large wp-image-1126\" alt=\"\" srcset=\"https:\/\/www.celozivotnakariera.sk\/wp-content\/uploads\/2025\/12\/FB-prispevok-sablona-940-x-788-px-768x644.png 768w, https:\/\/www.celozivotnakariera.sk\/wp-content\/uploads\/2025\/12\/FB-prispevok-sablona-940-x-788-px-300x251.png 300w, https:\/\/www.celozivotnakariera.sk\/wp-content\/uploads\/2025\/12\/FB-prispevok-sablona-940-x-788-px-1024x858.png 1024w, https:\/\/www.celozivotnakariera.sk\/wp-content\/uploads\/2025\/12\/FB-prispevok-sablona-940-x-788-px.png 1410w\" sizes=\"(max-width: 768px) 100vw, 768px\" \/><\/div>\n\t\t<\/a>\n\t\t\t\t<div class=\"elementor-post__text\">\n\t\t\t\t<h3 class=\"elementor-post__title\">\n\t\t\t<a href=\"https:\/\/www.celozivotnakariera.sk\/index.php\/2025\/12\/19\/konferencia-asr-temou-bol-aj-vekovy-manazment\/\" >\n\t\t\t\tKonferencia ASR: Vekov\u00fd mana\u017ement ako jedna z hlavn\u00fdch t\u00e9m\t\t\t<\/a>\n\t\t<\/h3>\n\t\t\t\t<div class=\"elementor-post__meta-data\">\n\t\t\t\t\t<span class=\"elementor-post-date\">\n\t\t\t19. decembra 2025\t\t<\/span>\n\t\t\t\t<\/div>\n\t\t\t\t<div class=\"elementor-post__excerpt\">\n\t\t\t<p>Konferencia ASR potvrdila, \u017ee rok 2025 je pre  sektorov\u00e9 rady mimoriadne \u00faspe\u0161n\u00fd.<\/p>\n\t\t<\/div>\n\t\t\n\t\t<a class=\"elementor-post__read-more\" href=\"https:\/\/www.celozivotnakariera.sk\/index.php\/2025\/12\/19\/konferencia-asr-temou-bol-aj-vekovy-manazment\/\" aria-label=\"Read more about Konferencia ASR: Vekov\u00fd mana\u017ement ako jedna z hlavn\u00fdch t\u00e9m\" tabindex=\"-1\" >\n\t\t\t\u010c\u00edta\u0165 viac \u00bb\t\t<\/a>\n\n\t\t\t\t<\/div>\n\t\t\t\t<\/article>\n\t\t\t\t<article class=\"elementor-post elementor-grid-item post-1106 post type-post status-publish format-standard has-post-thumbnail hentry category-nezaradene\" role=\"listitem\">\n\t\t\t\t<a class=\"elementor-post__thumbnail__link\" href=\"https:\/\/www.celozivotnakariera.sk\/index.php\/2025\/10\/28\/projekt-aliancie-sektorovych-rad-na-konferencii-mesta-bratislava\/\" tabindex=\"-1\" >\n\t\t\t<div class=\"elementor-post__thumbnail\"><img decoding=\"async\" width=\"768\" height=\"576\" src=\"https:\/\/www.celozivotnakariera.sk\/wp-content\/uploads\/2025\/10\/IMG_2495-768x576.jpg\" class=\"attachment-medium_large size-medium_large wp-image-1107\" alt=\"Projekt Aliancie na konferencii mesta Bratislava: \u201eAkt\u00edvne starnutie a medzigenera\u010dn\u00e1 spolupr\u00e1ca\u201c\" srcset=\"https:\/\/www.celozivotnakariera.sk\/wp-content\/uploads\/2025\/10\/IMG_2495-768x576.jpg 768w, https:\/\/www.celozivotnakariera.sk\/wp-content\/uploads\/2025\/10\/IMG_2495-300x225.jpg 300w, https:\/\/www.celozivotnakariera.sk\/wp-content\/uploads\/2025\/10\/IMG_2495-1024x768.jpg 1024w, https:\/\/www.celozivotnakariera.sk\/wp-content\/uploads\/2025\/10\/IMG_2495-1536x1152.jpg 1536w, https:\/\/www.celozivotnakariera.sk\/wp-content\/uploads\/2025\/10\/IMG_2495-2048x1536.jpg 2048w\" sizes=\"(max-width: 768px) 100vw, 768px\" \/><\/div>\n\t\t<\/a>\n\t\t\t\t<div class=\"elementor-post__text\">\n\t\t\t\t<h3 class=\"elementor-post__title\">\n\t\t\t<a href=\"https:\/\/www.celozivotnakariera.sk\/index.php\/2025\/10\/28\/projekt-aliancie-sektorovych-rad-na-konferencii-mesta-bratislava\/\" >\n\t\t\t\tProjekt Aliancie sektorov\u00fdch r\u00e1d na konferencii mesta Bratislava\t\t\t<\/a>\n\t\t<\/h3>\n\t\t\t\t<div class=\"elementor-post__meta-data\">\n\t\t\t\t\t<span class=\"elementor-post-date\">\n\t\t\t28. okt\u00f3bra 2025\t\t<\/span>\n\t\t\t\t<\/div>\n\t\t\t\t<div class=\"elementor-post__excerpt\">\n\t\t\t<p>Desiaty ro\u010dn\u00edk konferencie \u201eAkt\u00edvne starnutie a medzigenera\u010dn\u00e1 spolupr\u00e1ca\u201c sa niesol<\/p>\n\t\t<\/div>\n\t\t\n\t\t<a class=\"elementor-post__read-more\" href=\"https:\/\/www.celozivotnakariera.sk\/index.php\/2025\/10\/28\/projekt-aliancie-sektorovych-rad-na-konferencii-mesta-bratislava\/\" aria-label=\"Read more about Projekt Aliancie sektorov\u00fdch r\u00e1d na konferencii mesta Bratislava\" tabindex=\"-1\" >\n\t\t\t\u010c\u00edta\u0165 viac \u00bb\t\t<\/a>\n\n\t\t\t\t<\/div>\n\t\t\t\t<\/article>\n\t\t\t\t<article class=\"elementor-post elementor-grid-item post-1102 post type-post status-publish format-standard has-post-thumbnail hentry category-nezaradene\" role=\"listitem\">\n\t\t\t\t<a class=\"elementor-post__thumbnail__link\" href=\"https:\/\/www.celozivotnakariera.sk\/index.php\/2025\/10\/28\/stretnutie-ceskeho-a-slovenskeho-timu-projektu-vekovy-manazment\/\" tabindex=\"-1\" >\n\t\t\t<div class=\"elementor-post__thumbnail\"><img decoding=\"async\" width=\"768\" height=\"576\" src=\"https:\/\/www.celozivotnakariera.sk\/wp-content\/uploads\/2025\/10\/20251016_2-768x576.jpg\" class=\"attachment-medium_large size-medium_large wp-image-1103\" alt=\"Fotografia zo zasadnutia\" srcset=\"https:\/\/www.celozivotnakariera.sk\/wp-content\/uploads\/2025\/10\/20251016_2-768x576.jpg 768w, https:\/\/www.celozivotnakariera.sk\/wp-content\/uploads\/2025\/10\/20251016_2-300x225.jpg 300w, https:\/\/www.celozivotnakariera.sk\/wp-content\/uploads\/2025\/10\/20251016_2-1024x768.jpg 1024w, https:\/\/www.celozivotnakariera.sk\/wp-content\/uploads\/2025\/10\/20251016_2-1536x1152.jpg 1536w, https:\/\/www.celozivotnakariera.sk\/wp-content\/uploads\/2025\/10\/20251016_2.jpg 2040w\" sizes=\"(max-width: 768px) 100vw, 768px\" \/><\/div>\n\t\t<\/a>\n\t\t\t\t<div class=\"elementor-post__text\">\n\t\t\t\t<h3 class=\"elementor-post__title\">\n\t\t\t<a href=\"https:\/\/www.celozivotnakariera.sk\/index.php\/2025\/10\/28\/stretnutie-ceskeho-a-slovenskeho-timu-projektu-vekovy-manazment\/\" >\n\t\t\t\tStretnutie \u010desk\u00e9ho a slovensk\u00e9ho t\u00edmu projektu Vekov\u00fd mana\u017ement\t\t\t<\/a>\n\t\t<\/h3>\n\t\t\t\t<div class=\"elementor-post__meta-data\">\n\t\t\t\t\t<span class=\"elementor-post-date\">\n\t\t\t28. okt\u00f3bra 2025\t\t<\/span>\n\t\t\t\t<\/div>\n\t\t\t\t<div class=\"elementor-post__excerpt\">\n\t\t\t<p>V prostred\u00ed Galerie Ml\u00fdn v obci \u017deraviny (\u010cR) sa uskuto\u010dnilo<\/p>\n\t\t<\/div>\n\t\t\n\t\t<a class=\"elementor-post__read-more\" href=\"https:\/\/www.celozivotnakariera.sk\/index.php\/2025\/10\/28\/stretnutie-ceskeho-a-slovenskeho-timu-projektu-vekovy-manazment\/\" aria-label=\"Read more about Stretnutie \u010desk\u00e9ho a slovensk\u00e9ho t\u00edmu projektu Vekov\u00fd mana\u017ement\" tabindex=\"-1\" >\n\t\t\t\u010c\u00edta\u0165 viac \u00bb\t\t<\/a>\n\n\t\t\t\t<\/div>\n\t\t\t\t<\/article>\n\t\t\t\t<\/div>\n\t\t\n\t\t\t\t<div class=\"e-load-more-anchor\" data-page=\"1\" data-max-page=\"3\" data-next-page=\"https:\/\/www.celozivotnakariera.sk\/index.php\/wp-json\/wp\/v2\/pages\/23\/page\/2\/\"><\/div>\n\t\t\t\t<nav class=\"elementor-pagination\" aria-label=\"Pagination\">\n\t\t\t<span aria-current=\"page\" class=\"page-numbers current\"><span class=\"elementor-screen-only\">Str\u00e1nka<\/span>1<\/span>\n<a class=\"page-numbers\" href=\"https:\/\/www.celozivotnakariera.sk\/index.php\/wp-json\/wp\/v2\/pages\/23\/page\/2\/\"><span class=\"elementor-screen-only\">Str\u00e1nka<\/span>2<\/a>\n<a class=\"page-numbers\" href=\"https:\/\/www.celozivotnakariera.sk\/index.php\/wp-json\/wp\/v2\/pages\/23\/page\/3\/\"><span class=\"elementor-screen-only\">Str\u00e1nka<\/span>3<\/a>\t\t<\/nav>\n\t\t\t\t\t\t<\/div>\n\t\t\t\t<\/div>\n\t\t\t\t\t<\/div>\n\t\t\t\t<\/div>\n\t\t<div class=\"elementor-element elementor-element-1d2c925 e-flex e-con-boxed e-con e-parent\" data-id=\"1d2c925\" data-element_type=\"container\" data-e-type=\"container\">\n\t\t\t\t\t<div class=\"e-con-inner\">\n\t\t\t\t<div class=\"elementor-element elementor-element-03c6db6 elementor-widget elementor-widget-heading\" data-id=\"03c6db6\" data-element_type=\"widget\" data-e-type=\"widget\" data-widget_type=\"heading.default\">\n\t\t\t\t<div class=\"elementor-widget-container\">\n\t\t\t\t\t<h2 class=\"elementor-heading-title elementor-size-default\"><a href=\"https:\/\/www.celozivotnakariera.sk\/index.php\/demograficky-vyvoj-na-slovensku\/\">Demografick\u00fd v\u00fdvoj na Slovensku<\/a><\/h2>\t\t\t\t<\/div>\n\t\t\t\t<\/div>\n\t\t\t\t<div class=\"elementor-element elementor-element-a7ede61 elementor-widget elementor-widget-text-editor\" data-id=\"a7ede61\" data-element_type=\"widget\" data-e-type=\"widget\" data-widget_type=\"text-editor.default\">\n\t\t\t\t<div class=\"elementor-widget-container\">\n\t\t\t\t\t\t\t\t\t<p><strong>Dynamick\u00e9 starnutie popul\u00e1cie sa postupne prejavuje aj na trhu pr\u00e1ce, kde bude dostupnej pracovnej sily menej, bude star\u0161ia a z\u00e1rove\u0148 na trh pr\u00e1ce prich\u00e1dza \u010doraz menej mlad\u00fdch \u013eud\u00ed.<\/strong> Siln\u00e9 popula\u010dn\u00e9 ro\u010dn\u00edky tzv. \u201eHus\u00e1kov\u00fdch det\u00ed\u201c sa pres\u00favaj\u00fa do vy\u0161\u0161ieho veku, \u010do v kombin\u00e1cii so zvy\u0161ovan\u00edm d\u00f4chodkov\u00e9ho veku sp\u00f4sobuje, \u017ee<strong> na trhu pr\u00e1ce zost\u00e1va viac star\u0161\u00edch \u013eud\u00ed.<\/strong> V d\u00f4sledku t\u00fdchto demografick\u00fdch zmien mus\u00ed starn\u00faca popul\u00e1cia <strong>upravi\u0165 svoje priority a definova\u0165 nov\u00e9 potreby,<\/strong> medzi ktor\u00e9 nevyhnutne patr\u00ed aj prisp\u00f4sobenie v\u00fdkonu pr\u00e1ce a pracovn\u00e9ho prostredia star\u0161ej pracovnej sile.<\/p><p>Na mno\u017estvo disponibilnej pracovnej sily bude vpl\u00fdva\u0165 aj \u010fal\u0161\u00ed jav spojen\u00fd so starnut\u00edm popul\u00e1cie, a to je <strong>nedostato\u010dn\u00e1 infra\u0161trukt\u00fara pre zabezpe\u010denie potrieb opatrovania \u013eud\u00ed vo vy\u0161\u0161om veku.<\/strong> U\u017e dnes odhadujeme, \u017ee \u010das\u0165 potenci\u00e1lnych pracovn\u00edkov je menej akt\u00edvna na trhu pr\u00e1ce z d\u00f4vodu <strong>plnenia opatrovate\u013esk\u00fdch povinnost\u00ed vo\u010di svojim de\u0165om, rodi\u010dom alebo v pr\u00edpade sendvi\u010dovej gener\u00e1cie kombinuj\u00fa pomoc svojim de\u0165om so starostlivos\u0165ou o svojich rodi\u010dov.<\/strong><\/p>\t\t\t\t\t\t\t\t<\/div>\n\t\t\t\t<\/div>\n\t\t\t\t<div class=\"elementor-element elementor-element-e761fc5 elementor-align-center elementor-widget elementor-widget-button\" data-id=\"e761fc5\" data-element_type=\"widget\" data-e-type=\"widget\" data-widget_type=\"button.default\">\n\t\t\t\t<div class=\"elementor-widget-container\">\n\t\t\t\t\t\t\t\t\t<div class=\"elementor-button-wrapper\">\n\t\t\t\t\t<a class=\"elementor-button elementor-button-link elementor-size-sm\" href=\"https:\/\/www.celozivotnakariera.sk\/index.php\/demograficky-vyvoj-na-slovensku\/\">\n\t\t\t\t\t\t<span class=\"elementor-button-content-wrapper\">\n\t\t\t\t\t\t\t\t\t<span class=\"elementor-button-text\">Zisti\u0165 viac<\/span>\n\t\t\t\t\t<\/span>\n\t\t\t\t\t<\/a>\n\t\t\t\t<\/div>\n\t\t\t\t\t\t\t\t<\/div>\n\t\t\t\t<\/div>\n\t\t\t\t\t<\/div>\n\t\t\t\t<\/div>\n\t\t\t\t<\/div>\n\t\t","protected":false},"excerpt":{"rendered":"<p>Celo\u017eivotn\u00e1 kari\u00e9ra: Pr\u00e1ca prisp\u00f4soben\u00e1 \u017eivotn\u00fdm etap\u00e1m Noviky z oblasti vekov\u00e9ho mana\u017ementu Demografick\u00fd v\u00fdvoj na Slovensku Dynamick\u00e9 starnutie popul\u00e1cie sa postupne prejavuje aj na trhu pr\u00e1ce, kde bude dostupnej pracovnej sily menej, bude star\u0161ia a z\u00e1rove\u0148 na trh pr\u00e1ce prich\u00e1dza \u010doraz menej mlad\u00fdch \u013eud\u00ed. Siln\u00e9 popula\u010dn\u00e9 ro\u010dn\u00edky tzv. \u201eHus\u00e1kov\u00fdch det\u00ed\u201c sa pres\u00favaj\u00fa do vy\u0161\u0161ieho veku, \u010do [&hellip;]<\/p>\n","protected":false},"author":1,"featured_media":0,"parent":0,"menu_order":0,"comment_status":"closed","ping_status":"closed","template":"elementor_header_footer","meta":{"footnotes":""},"class_list":["post-23","page","type-page","status-publish","hentry"],"_links":{"self":[{"href":"https:\/\/www.celozivotnakariera.sk\/index.php\/wp-json\/wp\/v2\/pages\/23","targetHints":{"allow":["GET"]}}],"collection":[{"href":"https:\/\/www.celozivotnakariera.sk\/index.php\/wp-json\/wp\/v2\/pages"}],"about":[{"href":"https:\/\/www.celozivotnakariera.sk\/index.php\/wp-json\/wp\/v2\/types\/page"}],"author":[{"embeddable":true,"href":"https:\/\/www.celozivotnakariera.sk\/index.php\/wp-json\/wp\/v2\/users\/1"}],"replies":[{"embeddable":true,"href":"https:\/\/www.celozivotnakariera.sk\/index.php\/wp-json\/wp\/v2\/comments?post=23"}],"version-history":[{"count":190,"href":"https:\/\/www.celozivotnakariera.sk\/index.php\/wp-json\/wp\/v2\/pages\/23\/revisions"}],"predecessor-version":[{"id":1068,"href":"https:\/\/www.celozivotnakariera.sk\/index.php\/wp-json\/wp\/v2\/pages\/23\/revisions\/1068"}],"wp:attachment":[{"href":"https:\/\/www.celozivotnakariera.sk\/index.php\/wp-json\/wp\/v2\/media?parent=23"}],"curies":[{"name":"wp","href":"https:\/\/api.w.org\/{rel}","templated":true}]}}