{"id":799,"date":"2025-06-26T11:00:27","date_gmt":"2025-06-26T09:00:27","guid":{"rendered":"https:\/\/www.celozivotnakariera.sk\/?page_id=799"},"modified":"2025-06-26T11:04:08","modified_gmt":"2025-06-26T09:04:08","slug":"novinky-z-oblasti-vekoveho-manazmentu","status":"publish","type":"page","link":"https:\/\/www.celozivotnakariera.sk\/index.php\/novinky-z-oblasti-vekoveho-manazmentu\/","title":{"rendered":"Novinky z oblasti vekov\u00e9ho mana\u017ementu"},"content":{"rendered":"\t\t<div data-elementor-type=\"wp-page\" data-elementor-id=\"799\" class=\"elementor elementor-799\" data-elementor-post-type=\"page\">\n\t\t\t\t<div class=\"elementor-element elementor-element-53fe653 e-flex e-con-boxed e-con e-parent\" data-id=\"53fe653\" data-element_type=\"container\" data-e-type=\"container\">\n\t\t\t\t\t<div class=\"e-con-inner\">\n\t\t\t\t<div class=\"elementor-element elementor-element-11ad904 elementor-widget elementor-widget-heading\" data-id=\"11ad904\" data-element_type=\"widget\" data-e-type=\"widget\" data-widget_type=\"heading.default\">\n\t\t\t\t<div class=\"elementor-widget-container\">\n\t\t\t\t\t<h2 class=\"elementor-heading-title elementor-size-default\">Novinky z oblasti vekov\u00e9ho mana\u017ementu<\/h2>\t\t\t\t<\/div>\n\t\t\t\t<\/div>\n\t\t\t\t<div class=\"elementor-element elementor-element-d85d906 elementor-grid-3 elementor-grid-tablet-2 elementor-grid-mobile-1 elementor-posts--thumbnail-top elementor-widget elementor-widget-posts\" data-id=\"d85d906\" data-element_type=\"widget\" data-e-type=\"widget\" data-settings=\"{&quot;pagination_type&quot;:&quot;numbers&quot;,&quot;classic_columns&quot;:&quot;3&quot;,&quot;classic_columns_tablet&quot;:&quot;2&quot;,&quot;classic_columns_mobile&quot;:&quot;1&quot;,&quot;classic_row_gap&quot;:{&quot;unit&quot;:&quot;px&quot;,&quot;size&quot;:35,&quot;sizes&quot;:[]},&quot;classic_row_gap_tablet&quot;:{&quot;unit&quot;:&quot;px&quot;,&quot;size&quot;:&quot;&quot;,&quot;sizes&quot;:[]},&quot;classic_row_gap_mobile&quot;:{&quot;unit&quot;:&quot;px&quot;,&quot;size&quot;:&quot;&quot;,&quot;sizes&quot;:[]}}\" data-widget_type=\"posts.classic\">\n\t\t\t\t<div class=\"elementor-widget-container\">\n\t\t\t\t\t\t\t<div class=\"elementor-posts-container elementor-posts elementor-posts--skin-classic elementor-grid\" role=\"list\">\n\t\t\t\t<article class=\"elementor-post elementor-grid-item post-1123 post type-post status-publish format-standard has-post-thumbnail hentry category-nezaradene\" role=\"listitem\">\n\t\t\t\t<a class=\"elementor-post__thumbnail__link\" href=\"https:\/\/www.celozivotnakariera.sk\/index.php\/2025\/12\/19\/konferencia-asr-temou-bol-aj-vekovy-manazment\/\" tabindex=\"-1\" >\n\t\t\t<div class=\"elementor-post__thumbnail\"><img fetchpriority=\"high\" decoding=\"async\" width=\"768\" height=\"644\" src=\"https:\/\/www.celozivotnakariera.sk\/wp-content\/uploads\/2025\/12\/FB-prispevok-sablona-940-x-788-px-768x644.png\" class=\"attachment-medium_large size-medium_large wp-image-1126\" alt=\"\" srcset=\"https:\/\/www.celozivotnakariera.sk\/wp-content\/uploads\/2025\/12\/FB-prispevok-sablona-940-x-788-px-768x644.png 768w, https:\/\/www.celozivotnakariera.sk\/wp-content\/uploads\/2025\/12\/FB-prispevok-sablona-940-x-788-px-300x251.png 300w, https:\/\/www.celozivotnakariera.sk\/wp-content\/uploads\/2025\/12\/FB-prispevok-sablona-940-x-788-px-1024x858.png 1024w, https:\/\/www.celozivotnakariera.sk\/wp-content\/uploads\/2025\/12\/FB-prispevok-sablona-940-x-788-px.png 1410w\" sizes=\"(max-width: 768px) 100vw, 768px\" \/><\/div>\n\t\t<\/a>\n\t\t\t\t<div class=\"elementor-post__text\">\n\t\t\t\t<h3 class=\"elementor-post__title\">\n\t\t\t<a href=\"https:\/\/www.celozivotnakariera.sk\/index.php\/2025\/12\/19\/konferencia-asr-temou-bol-aj-vekovy-manazment\/\" >\n\t\t\t\tKonferencia ASR: Vekov\u00fd mana\u017ement ako jedna z hlavn\u00fdch t\u00e9m\t\t\t<\/a>\n\t\t<\/h3>\n\t\t\t\t<div class=\"elementor-post__meta-data\">\n\t\t\t\t\t<span class=\"elementor-post-date\">\n\t\t\t19. decembra 2025\t\t<\/span>\n\t\t\t\t<\/div>\n\t\t\t\t<div class=\"elementor-post__excerpt\">\n\t\t\t<p>Konferencia ASR potvrdila, \u017ee rok 2025 je pre  sektorov\u00e9 rady mimoriadne \u00faspe\u0161n\u00fd.<\/p>\n\t\t<\/div>\n\t\t\n\t\t<a class=\"elementor-post__read-more\" href=\"https:\/\/www.celozivotnakariera.sk\/index.php\/2025\/12\/19\/konferencia-asr-temou-bol-aj-vekovy-manazment\/\" aria-label=\"Read more about Konferencia ASR: Vekov\u00fd mana\u017ement ako jedna z hlavn\u00fdch t\u00e9m\" tabindex=\"-1\" >\n\t\t\t\u010c\u00edta\u0165 viac \u00bb\t\t<\/a>\n\n\t\t\t\t<\/div>\n\t\t\t\t<\/article>\n\t\t\t\t<article class=\"elementor-post elementor-grid-item post-1106 post type-post status-publish format-standard has-post-thumbnail hentry category-nezaradene\" role=\"listitem\">\n\t\t\t\t<a class=\"elementor-post__thumbnail__link\" href=\"https:\/\/www.celozivotnakariera.sk\/index.php\/2025\/10\/28\/projekt-aliancie-sektorovych-rad-na-konferencii-mesta-bratislava\/\" tabindex=\"-1\" >\n\t\t\t<div class=\"elementor-post__thumbnail\"><img decoding=\"async\" width=\"768\" height=\"576\" src=\"https:\/\/www.celozivotnakariera.sk\/wp-content\/uploads\/2025\/10\/IMG_2495-768x576.jpg\" class=\"attachment-medium_large size-medium_large wp-image-1107\" alt=\"Projekt Aliancie na konferencii mesta Bratislava: \u201eAkt\u00edvne starnutie a medzigenera\u010dn\u00e1 spolupr\u00e1ca\u201c\" srcset=\"https:\/\/www.celozivotnakariera.sk\/wp-content\/uploads\/2025\/10\/IMG_2495-768x576.jpg 768w, https:\/\/www.celozivotnakariera.sk\/wp-content\/uploads\/2025\/10\/IMG_2495-300x225.jpg 300w, https:\/\/www.celozivotnakariera.sk\/wp-content\/uploads\/2025\/10\/IMG_2495-1024x768.jpg 1024w, https:\/\/www.celozivotnakariera.sk\/wp-content\/uploads\/2025\/10\/IMG_2495-1536x1152.jpg 1536w, https:\/\/www.celozivotnakariera.sk\/wp-content\/uploads\/2025\/10\/IMG_2495-2048x1536.jpg 2048w\" sizes=\"(max-width: 768px) 100vw, 768px\" \/><\/div>\n\t\t<\/a>\n\t\t\t\t<div class=\"elementor-post__text\">\n\t\t\t\t<h3 class=\"elementor-post__title\">\n\t\t\t<a href=\"https:\/\/www.celozivotnakariera.sk\/index.php\/2025\/10\/28\/projekt-aliancie-sektorovych-rad-na-konferencii-mesta-bratislava\/\" >\n\t\t\t\tProjekt Aliancie sektorov\u00fdch r\u00e1d na konferencii mesta Bratislava\t\t\t<\/a>\n\t\t<\/h3>\n\t\t\t\t<div class=\"elementor-post__meta-data\">\n\t\t\t\t\t<span class=\"elementor-post-date\">\n\t\t\t28. okt\u00f3bra 2025\t\t<\/span>\n\t\t\t\t<\/div>\n\t\t\t\t<div class=\"elementor-post__excerpt\">\n\t\t\t<p>Desiaty ro\u010dn\u00edk konferencie \u201eAkt\u00edvne starnutie a medzigenera\u010dn\u00e1 spolupr\u00e1ca\u201c sa niesol v znamen\u00ed \u00facty k d\u00f4stojnej<\/p>\n\t\t<\/div>\n\t\t\n\t\t<a class=\"elementor-post__read-more\" href=\"https:\/\/www.celozivotnakariera.sk\/index.php\/2025\/10\/28\/projekt-aliancie-sektorovych-rad-na-konferencii-mesta-bratislava\/\" aria-label=\"Read more about Projekt Aliancie sektorov\u00fdch r\u00e1d na konferencii mesta Bratislava\" tabindex=\"-1\" >\n\t\t\t\u010c\u00edta\u0165 viac \u00bb\t\t<\/a>\n\n\t\t\t\t<\/div>\n\t\t\t\t<\/article>\n\t\t\t\t<article class=\"elementor-post elementor-grid-item post-1102 post type-post status-publish format-standard has-post-thumbnail hentry category-nezaradene\" role=\"listitem\">\n\t\t\t\t<a class=\"elementor-post__thumbnail__link\" href=\"https:\/\/www.celozivotnakariera.sk\/index.php\/2025\/10\/28\/stretnutie-ceskeho-a-slovenskeho-timu-projektu-vekovy-manazment\/\" tabindex=\"-1\" >\n\t\t\t<div class=\"elementor-post__thumbnail\"><img decoding=\"async\" width=\"768\" height=\"576\" src=\"https:\/\/www.celozivotnakariera.sk\/wp-content\/uploads\/2025\/10\/20251016_2-768x576.jpg\" class=\"attachment-medium_large size-medium_large wp-image-1103\" alt=\"Fotografia zo zasadnutia\" srcset=\"https:\/\/www.celozivotnakariera.sk\/wp-content\/uploads\/2025\/10\/20251016_2-768x576.jpg 768w, https:\/\/www.celozivotnakariera.sk\/wp-content\/uploads\/2025\/10\/20251016_2-300x225.jpg 300w, https:\/\/www.celozivotnakariera.sk\/wp-content\/uploads\/2025\/10\/20251016_2-1024x768.jpg 1024w, https:\/\/www.celozivotnakariera.sk\/wp-content\/uploads\/2025\/10\/20251016_2-1536x1152.jpg 1536w, https:\/\/www.celozivotnakariera.sk\/wp-content\/uploads\/2025\/10\/20251016_2.jpg 2040w\" sizes=\"(max-width: 768px) 100vw, 768px\" \/><\/div>\n\t\t<\/a>\n\t\t\t\t<div class=\"elementor-post__text\">\n\t\t\t\t<h3 class=\"elementor-post__title\">\n\t\t\t<a href=\"https:\/\/www.celozivotnakariera.sk\/index.php\/2025\/10\/28\/stretnutie-ceskeho-a-slovenskeho-timu-projektu-vekovy-manazment\/\" >\n\t\t\t\tStretnutie \u010desk\u00e9ho a slovensk\u00e9ho t\u00edmu projektu Vekov\u00fd mana\u017ement\t\t\t<\/a>\n\t\t<\/h3>\n\t\t\t\t<div class=\"elementor-post__meta-data\">\n\t\t\t\t\t<span class=\"elementor-post-date\">\n\t\t\t28. okt\u00f3bra 2025\t\t<\/span>\n\t\t\t\t<\/div>\n\t\t\t\t<div class=\"elementor-post__excerpt\">\n\t\t\t<p>V prostred\u00ed Galerie Ml\u00fdn v obci \u017deraviny (\u010cR) sa uskuto\u010dnilo pracovn\u00e9 stretnutie k\u013e\u00fa\u010dov\u00fdch \u010dlenov t\u00edmu<\/p>\n\t\t<\/div>\n\t\t\n\t\t<a class=\"elementor-post__read-more\" href=\"https:\/\/www.celozivotnakariera.sk\/index.php\/2025\/10\/28\/stretnutie-ceskeho-a-slovenskeho-timu-projektu-vekovy-manazment\/\" aria-label=\"Read more about Stretnutie \u010desk\u00e9ho a slovensk\u00e9ho t\u00edmu projektu Vekov\u00fd mana\u017ement\" tabindex=\"-1\" >\n\t\t\t\u010c\u00edta\u0165 viac \u00bb\t\t<\/a>\n\n\t\t\t\t<\/div>\n\t\t\t\t<\/article>\n\t\t\t\t<\/div>\n\t\t\n\t\t\t\t<div class=\"e-load-more-anchor\" data-page=\"1\" data-max-page=\"3\" data-next-page=\"https:\/\/www.celozivotnakariera.sk\/index.php\/wp-json\/wp\/v2\/pages\/799\/page\/2\/\"><\/div>\n\t\t\t\t<nav class=\"elementor-pagination\" aria-label=\"Pagination\">\n\t\t\t<span aria-current=\"page\" class=\"page-numbers current\"><span class=\"elementor-screen-only\">Str\u00e1nka<\/span>1<\/span>\n<a class=\"page-numbers\" href=\"https:\/\/www.celozivotnakariera.sk\/index.php\/wp-json\/wp\/v2\/pages\/799\/page\/2\/\"><span class=\"elementor-screen-only\">Str\u00e1nka<\/span>2<\/a>\n<a class=\"page-numbers\" href=\"https:\/\/www.celozivotnakariera.sk\/index.php\/wp-json\/wp\/v2\/pages\/799\/page\/3\/\"><span class=\"elementor-screen-only\">Str\u00e1nka<\/span>3<\/a>\t\t<\/nav>\n\t\t\t\t\t\t<\/div>\n\t\t\t\t<\/div>\n\t\t\t\t\t<\/div>\n\t\t\t\t<\/div>\n\t\t\t\t<\/div>\n\t\t","protected":false},"excerpt":{"rendered":"<p>Novinky z oblasti vekov\u00e9ho mana\u017ementu<\/p>\n","protected":false},"author":1,"featured_media":0,"parent":0,"menu_order":0,"comment_status":"closed","ping_status":"closed","template":"","meta":{"footnotes":""},"class_list":["post-799","page","type-page","status-publish","hentry"],"_links":{"self":[{"href":"https:\/\/www.celozivotnakariera.sk\/index.php\/wp-json\/wp\/v2\/pages\/799","targetHints":{"allow":["GET"]}}],"collection":[{"href":"https:\/\/www.celozivotnakariera.sk\/index.php\/wp-json\/wp\/v2\/pages"}],"about":[{"href":"https:\/\/www.celozivotnakariera.sk\/index.php\/wp-json\/wp\/v2\/types\/page"}],"author":[{"embeddable":true,"href":"https:\/\/www.celozivotnakariera.sk\/index.php\/wp-json\/wp\/v2\/users\/1"}],"replies":[{"embeddable":true,"href":"https:\/\/www.celozivotnakariera.sk\/index.php\/wp-json\/wp\/v2\/comments?post=799"}],"version-history":[{"count":7,"href":"https:\/\/www.celozivotnakariera.sk\/index.php\/wp-json\/wp\/v2\/pages\/799\/revisions"}],"predecessor-version":[{"id":807,"href":"https:\/\/www.celozivotnakariera.sk\/index.php\/wp-json\/wp\/v2\/pages\/799\/revisions\/807"}],"wp:attachment":[{"href":"https:\/\/www.celozivotnakariera.sk\/index.php\/wp-json\/wp\/v2\/media?parent=799"}],"curies":[{"name":"wp","href":"https:\/\/api.w.org\/{rel}","templated":true}]}}